{"id":12,"date":"2018-11-20T15:45:48","date_gmt":"2018-11-20T15:45:48","guid":{"rendered":"https:\/\/flycam-media.com\/?page_id=12"},"modified":"2024-02-29T11:42:42","modified_gmt":"2024-02-29T11:42:42","slug":"postproduktion_mallorca","status":"publish","type":"page","link":"https:\/\/flycam-media.com\/es\/postproduktion_mallorca","title":{"rendered":"Postproducci\u00f3n"},"content":{"rendered":"<p>No solo producimos im\u00e1genes &#8211; si lo desea tambi\u00e9n las procesamos a un producto acabado. En nuestro Post Production Studio coloreamos, ajustamos y recortamos hasta que todos est\u00e9n satisfechos. Ya sean V\u00eddeos, Fotos, contenido VR-360 o maquetas para productos de imprenta, se lo arreglamos.<\/p>\n<p><!--more--><\/p>\n<p>Para garantizar un flujo de trabajo efectivo y una calidad m\u00e1xima trabajamos con Black Magic Da Vinci Resolve, AVID, Lightroom y otras aplicaciones profesionales.<\/p>\n<p>Echa un vistazo a nuestro trabajo::<\/p>\n<div style=\"padding: 56.25% 0 0 0; position: relative;\"><iframe style=\"position: absolute; top: 0; left: 0; width: 100%; height: 100%;\" title=\"NEU DENKEN 2023\" src=\"https:\/\/player.vimeo.com\/video\/833963618?h=ec1323a7b5&amp;badge=0&amp;autopause=0&amp;player_id=0&amp;app_id=58479\" frameborder=\"0\"><\/iframe><\/div>\n<div><\/div>\n<p><script src=\"https:\/\/player.vimeo.com\/api\/player.js\"><\/script><\/p>\n<div style=\"padding: 56.25% 0 0 0; position: relative;\"><iframe loading=\"lazy\" style=\"position: absolute; top: 0; left: 0; width: 100%; height: 100%;\" title=\"CATCH-MATES AUF MALLORCA\" src=\"https:\/\/player.vimeo.com\/video\/753418982?h=8399d1ea2f&amp;badge=0&amp;autopause=0&amp;player_id=0&amp;app_id=58479\" width=\"425\" height=\"350\" frameborder=\"0\" allowfullscreen=\"allowfullscreen\"><\/iframe><\/div>\n<div><\/div>\n<p><script src=\"https:\/\/player.vimeo.com\/api\/player.js\"><\/script><\/p>\n<div style=\"padding: 56.25% 0 0 0; position: relative;\"><iframe style=\"position: absolute; top: 0; left: 0; width: 100%; height: 100%;\" title=\"Gemstonian Crystals\" src=\"https:\/\/player.vimeo.com\/video\/886349660?badge=0&amp;autopause=0&amp;player_id=0&amp;app_id=58479\" frameborder=\"0\"><\/iframe><\/div>\n<div><\/div>\n<p><script src=\"https:\/\/player.vimeo.com\/api\/player.js\"><\/script><\/p>\n<div style=\"padding: 56.25% 0 0 0; position: relative;\"><iframe style=\"position: absolute; top: 0; left: 0; width: 100%; height: 100%;\" title=\"Fincallorca Recap\" src=\"https:\/\/player.vimeo.com\/video\/878224973?h=7ff874f184&amp;badge=0&amp;autopause=0&amp;player_id=0&amp;app_id=58479\" frameborder=\"0\"><\/iframe><\/div>\n<div><\/div>\n<p><script src=\"https:\/\/player.vimeo.com\/api\/player.js\"><\/script><\/p>\n<div style=\"padding: 56.25% 0 0 0; position: relative;\"><iframe loading=\"lazy\" style=\"position: absolute; top: 0; left: 0; width: 100%; height: 100%;\" src=\"\/\/player.vimeo.com\/video\/288879814?title=0&amp;amp;byline=0\" width=\"425\" height=\"350\" frameborder=\"0\" allowfullscreen=\"allowfullscreen\"><\/iframe><\/div>","protected":false},"excerpt":{"rendered":"<p>Disculpa, pero esta entrada est\u00e1 disponible s\u00f3lo en Alem\u00e1n.<\/p>\n","protected":false},"author":1,"featured_media":56,"parent":0,"menu_order":0,"comment_status":"closed","ping_status":"closed","template":"","meta":{"footnotes":""},"yoast_head":"<!-- This site is optimized with the Yoast SEO plugin v18.1 - https:\/\/yoast.com\/wordpress\/plugins\/seo\/ -->\n<title>Postproducci\u00f3n &amp; Schnittplatz - Flycam Media Mallorca Postproducci\u00f3n &amp; Schnittplatz - Flycam Media Mallorca Postproducci\u00f3n &amp; Schnittplatz - Flycam Media Mallorca Postproducci\u00f3n &amp; Schnittplatz - Flycam Media Mallorca<\/title>\n<meta name=\"description\" content=\"En nuestro Post Production Studio coloreamos, ajustamos y recortamos hasta que todos est\u00e9n satisfechos. Video, Foto y VR360.\" \/>\n<meta name=\"robots\" content=\"index, follow, max-snippet:-1, max-image-preview:large, max-video-preview:-1\" \/>\n<link rel=\"canonical\" href=\"https:\/\/flycam-media.com\/postproduktion_mallorca\" \/>\n<meta property=\"og:locale\" content=\"es_ES\" \/>\n<meta property=\"og:type\" content=\"article\" \/>\n<meta property=\"og:title\" content=\"[:de][:de][:de]Postproducci\u00f3n &amp; Schnittplatz - Flycam Media Mallorca [:en]Postproducci\u00f3n &amp; Schnittplatz - Flycam Media Mallorca [:es]Postproducci\u00f3n &amp; Schnittplatz - Flycam Media Mallorca [:][:en]Postproducci\u00f3n &amp; Schnittplatz - Flycam Media Mallorca [:es]Postproducci\u00f3n &amp; Schnittplatz - Flycam Media Mallorca [:][:en]Postproducci\u00f3n &amp; Schnittplatz - Flycam Media Mallorca Postproducci\u00f3n &amp; Schnittplatz - Flycam Media Mallorca[:es]Postproducci\u00f3n &amp; Schnittplatz - Flycam Media Mallorca Postproducci\u00f3n &amp; Schnittplatz - Flycam Media Mallorca [:]\" \/>\n<meta property=\"og:description\" content=\"{:de}Flycam Media bietet Postproduktion f\u00fcr Film und Foto Produktionen auf Mallorca. In unserem Studio k\u00f6nnen wir u.a. Schnitt, Colorgrading realisieren.{:en}Flycam Media bietet Postproduktion f\u00fcr Film und Foto Produktionen auf Mallorca. In unserem Studio k\u00f6nnen wir u.a. Schnitt, Colorgrading realisieren.{:es} En nuestro Post Production Studio coloreamos, ajustamos y recortamos hasta que todos est\u00e9n satisfechos. Video, Foto y VR360.{:}\" \/>\n<meta property=\"og:url\" content=\"https:\/\/flycam-media.com\/postproduktion_mallorca\" \/>\n<meta property=\"og:site_name\" content=\"Flycam Media Mallorca\" \/>\n<meta property=\"article:publisher\" content=\"https:\/\/de-de.facebook.com\/flycammediaservice\/\" \/>\n<meta property=\"article:modified_time\" content=\"2024-02-29T11:42:42+00:00\" \/>\n<meta property=\"og:image\" content=\"https:\/\/flycam-media.com\/wp-content\/uploads\/2018\/11\/Banner-2_Postproduktion-1.png\" \/>\n\t<meta property=\"og:image:width\" content=\"2000\" \/>\n\t<meta property=\"og:image:height\" content=\"1200\" \/>\n\t<meta property=\"og:image:type\" content=\"image\/png\" \/>\n<meta name=\"twitter:card\" content=\"summary_large_image\" \/>\n<meta name=\"twitter:label1\" content=\"Tiempo de lectura\" \/>\n\t<meta name=\"twitter:data1\" content=\"2 minutos\" \/>\n<script type=\"application\/ld+json\" class=\"yoast-schema-graph\">{\"@context\":\"https:\/\/schema.org\",\"@graph\":[{\"@type\":\"Organization\",\"@id\":\"https:\/\/flycam-media.com\/#organization\",\"name\":\"Flycam Media Mallorca\",\"url\":\"https:\/\/flycam-media.com\/\",\"sameAs\":[\"https:\/\/de-de.facebook.com\/flycammediaservice\/\",\"https:\/\/www.instagram.com\/flycam_media_mallorca\/\"],\"logo\":{\"@type\":\"ImageObject\",\"@id\":\"https:\/\/flycam-media.com\/#logo\",\"inLanguage\":\"es\",\"url\":\"https:\/\/flycam-media.com\/wp-content\/uploads\/2018\/11\/fly_only.png\",\"contentUrl\":\"https:\/\/flycam-media.com\/wp-content\/uploads\/2018\/11\/fly_only.png\",\"width\":850,\"height\":850,\"caption\":\"Flycam Media Mallorca\"},\"image\":{\"@id\":\"https:\/\/flycam-media.com\/#logo\"}},{\"@type\":\"WebSite\",\"@id\":\"https:\/\/flycam-media.com\/#website\",\"url\":\"https:\/\/flycam-media.com\/\",\"name\":\"Flycam Media Film Production Mallorca\",\"description\":\"PHOTO, FILM AND AERIAL PRODUCTIONS\",\"publisher\":{\"@id\":\"https:\/\/flycam-media.com\/#organization\"},\"potentialAction\":[{\"@type\":\"SearchAction\",\"target\":{\"@type\":\"EntryPoint\",\"urlTemplate\":\"https:\/\/flycam-media.com\/?s={search_term_string}\"},\"query-input\":\"required name=search_term_string\"}],\"inLanguage\":\"es\"},{\"@type\":\"ImageObject\",\"@id\":\"https:\/\/flycam-media.com\/postproduktion_mallorca#primaryimage\",\"inLanguage\":\"es\",\"url\":\"https:\/\/flycam-media.com\/wp-content\/uploads\/2018\/11\/Banner-2_Postproduktion-1.png\",\"contentUrl\":\"https:\/\/flycam-media.com\/wp-content\/uploads\/2018\/11\/Banner-2_Postproduktion-1.png\",\"width\":2000,\"height\":1200,\"caption\":\"Flycam Media Postproduktion Schnitt Color Grading Da Vinci Resolve\"},{\"@type\":\"WebPage\",\"@id\":\"https:\/\/flycam-media.com\/postproduktion_mallorca#webpage\",\"url\":\"https:\/\/flycam-media.com\/postproduktion_mallorca\",\"name\":\"[:de][:de][:de]Postproducci\u00f3n & Schnittplatz - Flycam Media Mallorca [:en]Postproducci\u00f3n & Schnittplatz - Flycam Media Mallorca [:es]Postproducci\u00f3n & Schnittplatz - Flycam Media Mallorca [:][:en]Postproducci\u00f3n & Schnittplatz - Flycam Media Mallorca [:es]Postproducci\u00f3n & Schnittplatz - Flycam Media Mallorca [:][:en]Postproducci\u00f3n & Schnittplatz - Flycam Media Mallorca Postproducci\u00f3n & Schnittplatz - Flycam Media Mallorca[:es]Postproducci\u00f3n & Schnittplatz - Flycam Media Mallorca Postproducci\u00f3n & Schnittplatz - Flycam Media Mallorca [:]\",\"isPartOf\":{\"@id\":\"https:\/\/flycam-media.com\/#website\"},\"primaryImageOfPage\":{\"@id\":\"https:\/\/flycam-media.com\/postproduktion_mallorca#primaryimage\"},\"datePublished\":\"2018-11-20T15:45:48+00:00\",\"dateModified\":\"2024-02-29T11:42:42+00:00\",\"description\":\"{:de}Flycam Media bietet Postproduktion f\u00fcr Film und Foto Produktionen auf Mallorca. In unserem Studio k\u00f6nnen wir u.a. Schnitt, Colorgrading realisieren.{:en}Flycam Media bietet Postproduktion f\u00fcr Film und Foto Produktionen auf Mallorca. In unserem Studio k\u00f6nnen wir u.a. Schnitt, Colorgrading realisieren.{:es} En nuestro Post Production Studio coloreamos, ajustamos y recortamos hasta que todos est\u00e9n satisfechos. Video, Foto y VR360.{:}\",\"breadcrumb\":{\"@id\":\"https:\/\/flycam-media.com\/postproduktion_mallorca#breadcrumb\"},\"inLanguage\":\"es\",\"potentialAction\":[{\"@type\":\"ReadAction\",\"target\":[\"https:\/\/flycam-media.com\/postproduktion_mallorca\"]}]},{\"@type\":\"BreadcrumbList\",\"@id\":\"https:\/\/flycam-media.com\/postproduktion_mallorca#breadcrumb\",\"itemListElement\":[{\"@type\":\"ListItem\",\"position\":1,\"name\":\"Startseite\",\"item\":\"https:\/\/flycam-media.com\/\"},{\"@type\":\"ListItem\",\"position\":2,\"name\":\"Postproduktion\"}]}]}<\/script>\n<!-- \/ Yoast SEO plugin. -->","yoast_head_json":{"title":"Postproducci\u00f3n & Schnittplatz - Flycam Media Mallorca Postproducci\u00f3n & Schnittplatz - Flycam Media Mallorca Postproducci\u00f3n & Schnittplatz - Flycam Media Mallorca Postproducci\u00f3n & Schnittplatz - Flycam Media Mallorca","description":"En nuestro Post Production Studio coloreamos, ajustamos y recortamos hasta que todos est\u00e9n satisfechos. Video, Foto y VR360.","robots":{"index":"index","follow":"follow","max-snippet":"max-snippet:-1","max-image-preview":"max-image-preview:large","max-video-preview":"max-video-preview:-1"},"canonical":"https:\/\/flycam-media.com\/postproduktion_mallorca","og_locale":"es_ES","og_type":"article","og_title":"[:de][:de][:de]Postproducci\u00f3n & Schnittplatz - Flycam Media Mallorca [:en]Postproducci\u00f3n & Schnittplatz - Flycam Media Mallorca [:es]Postproducci\u00f3n & Schnittplatz - Flycam Media Mallorca [:][:en]Postproducci\u00f3n & Schnittplatz - Flycam Media Mallorca [:es]Postproducci\u00f3n & Schnittplatz - Flycam Media Mallorca [:][:en]Postproducci\u00f3n & Schnittplatz - Flycam Media Mallorca Postproducci\u00f3n & Schnittplatz - Flycam Media Mallorca[:es]Postproducci\u00f3n & Schnittplatz - Flycam Media Mallorca Postproducci\u00f3n & Schnittplatz - Flycam Media Mallorca [:]","og_description":"{:de}Flycam Media bietet Postproduktion f\u00fcr Film und Foto Produktionen auf Mallorca. In unserem Studio k\u00f6nnen wir u.a. Schnitt, Colorgrading realisieren.{:en}Flycam Media bietet Postproduktion f\u00fcr Film und Foto Produktionen auf Mallorca. In unserem Studio k\u00f6nnen wir u.a. Schnitt, Colorgrading realisieren.{:es} En nuestro Post Production Studio coloreamos, ajustamos y recortamos hasta que todos est\u00e9n satisfechos. Video, Foto y VR360.{:}","og_url":"https:\/\/flycam-media.com\/postproduktion_mallorca","og_site_name":"Flycam Media Mallorca","article_publisher":"https:\/\/de-de.facebook.com\/flycammediaservice\/","article_modified_time":"2024-02-29T11:42:42+00:00","og_image":[{"width":2000,"height":1200,"url":"https:\/\/flycam-media.com\/wp-content\/uploads\/2018\/11\/Banner-2_Postproduktion-1.png","type":"image\/png"}],"twitter_card":"summary_large_image","twitter_misc":{"Tiempo de lectura":"2 minutos"},"schema":{"@context":"https:\/\/schema.org","@graph":[{"@type":"Organization","@id":"https:\/\/flycam-media.com\/#organization","name":"Flycam Media Mallorca","url":"https:\/\/flycam-media.com\/","sameAs":["https:\/\/de-de.facebook.com\/flycammediaservice\/","https:\/\/www.instagram.com\/flycam_media_mallorca\/"],"logo":{"@type":"ImageObject","@id":"https:\/\/flycam-media.com\/#logo","inLanguage":"es","url":"https:\/\/flycam-media.com\/wp-content\/uploads\/2018\/11\/fly_only.png","contentUrl":"https:\/\/flycam-media.com\/wp-content\/uploads\/2018\/11\/fly_only.png","width":850,"height":850,"caption":"Flycam Media Mallorca"},"image":{"@id":"https:\/\/flycam-media.com\/#logo"}},{"@type":"WebSite","@id":"https:\/\/flycam-media.com\/#website","url":"https:\/\/flycam-media.com\/","name":"Flycam Media Film Production Mallorca","description":"PHOTO, FILM AND AERIAL PRODUCTIONS","publisher":{"@id":"https:\/\/flycam-media.com\/#organization"},"potentialAction":[{"@type":"SearchAction","target":{"@type":"EntryPoint","urlTemplate":"https:\/\/flycam-media.com\/?s={search_term_string}"},"query-input":"required name=search_term_string"}],"inLanguage":"es"},{"@type":"ImageObject","@id":"https:\/\/flycam-media.com\/postproduktion_mallorca#primaryimage","inLanguage":"es","url":"https:\/\/flycam-media.com\/wp-content\/uploads\/2018\/11\/Banner-2_Postproduktion-1.png","contentUrl":"https:\/\/flycam-media.com\/wp-content\/uploads\/2018\/11\/Banner-2_Postproduktion-1.png","width":2000,"height":1200,"caption":"Flycam Media Postproduktion Schnitt Color Grading Da Vinci Resolve"},{"@type":"WebPage","@id":"https:\/\/flycam-media.com\/postproduktion_mallorca#webpage","url":"https:\/\/flycam-media.com\/postproduktion_mallorca","name":"[:de][:de][:de]Postproducci\u00f3n & Schnittplatz - Flycam Media Mallorca [:en]Postproducci\u00f3n & Schnittplatz - Flycam Media Mallorca [:es]Postproducci\u00f3n & Schnittplatz - Flycam Media Mallorca [:][:en]Postproducci\u00f3n & Schnittplatz - Flycam Media Mallorca [:es]Postproducci\u00f3n & Schnittplatz - Flycam Media Mallorca [:][:en]Postproducci\u00f3n & Schnittplatz - Flycam Media Mallorca Postproducci\u00f3n & Schnittplatz - Flycam Media Mallorca[:es]Postproducci\u00f3n & Schnittplatz - Flycam Media Mallorca Postproducci\u00f3n & Schnittplatz - Flycam Media Mallorca [:]","isPartOf":{"@id":"https:\/\/flycam-media.com\/#website"},"primaryImageOfPage":{"@id":"https:\/\/flycam-media.com\/postproduktion_mallorca#primaryimage"},"datePublished":"2018-11-20T15:45:48+00:00","dateModified":"2024-02-29T11:42:42+00:00","description":"{:de}Flycam Media bietet Postproduktion f\u00fcr Film und Foto Produktionen auf Mallorca. In unserem Studio k\u00f6nnen wir u.a. Schnitt, Colorgrading realisieren.{:en}Flycam Media bietet Postproduktion f\u00fcr Film und Foto Produktionen auf Mallorca. In unserem Studio k\u00f6nnen wir u.a. Schnitt, Colorgrading realisieren.{:es} En nuestro Post Production Studio coloreamos, ajustamos y recortamos hasta que todos est\u00e9n satisfechos. Video, Foto y VR360.{:}","breadcrumb":{"@id":"https:\/\/flycam-media.com\/postproduktion_mallorca#breadcrumb"},"inLanguage":"es","potentialAction":[{"@type":"ReadAction","target":["https:\/\/flycam-media.com\/postproduktion_mallorca"]}]},{"@type":"BreadcrumbList","@id":"https:\/\/flycam-media.com\/postproduktion_mallorca#breadcrumb","itemListElement":[{"@type":"ListItem","position":1,"name":"Startseite","item":"https:\/\/flycam-media.com\/"},{"@type":"ListItem","position":2,"name":"Postproduktion"}]}]}},"_links":{"self":[{"href":"https:\/\/flycam-media.com\/es\/wp-json\/wp\/v2\/pages\/12"}],"collection":[{"href":"https:\/\/flycam-media.com\/es\/wp-json\/wp\/v2\/pages"}],"about":[{"href":"https:\/\/flycam-media.com\/es\/wp-json\/wp\/v2\/types\/page"}],"author":[{"embeddable":true,"href":"https:\/\/flycam-media.com\/es\/wp-json\/wp\/v2\/users\/1"}],"replies":[{"embeddable":true,"href":"https:\/\/flycam-media.com\/es\/wp-json\/wp\/v2\/comments?post=12"}],"version-history":[{"count":49,"href":"https:\/\/flycam-media.com\/es\/wp-json\/wp\/v2\/pages\/12\/revisions"}],"predecessor-version":[{"id":619,"href":"https:\/\/flycam-media.com\/es\/wp-json\/wp\/v2\/pages\/12\/revisions\/619"}],"wp:featuredmedia":[{"embeddable":true,"href":"https:\/\/flycam-media.com\/es\/wp-json\/wp\/v2\/media\/56"}],"wp:attachment":[{"href":"https:\/\/flycam-media.com\/es\/wp-json\/wp\/v2\/media?parent=12"}],"curies":[{"name":"wp","href":"https:\/\/api.w.org\/{rel}","templated":true}]}}