{"id":12,"date":"2018-11-20T15:45:48","date_gmt":"2018-11-20T15:45:48","guid":{"rendered":"https:\/\/flycam-media.com\/?page_id=12"},"modified":"2024-02-29T11:42:42","modified_gmt":"2024-02-29T11:42:42","slug":"postproduktion_mallorca","status":"publish","type":"page","link":"https:\/\/flycam-media.com\/en\/postproduktion_mallorca","title":{"rendered":"Post Production"},"content":{"rendered":"<p>We do not only create footage &#8211; we also process it to a finished product. In our post production studio we color grade, cut, arrange and fix until everybody is happy. No matter if film, photo, vr360 content or layouts for print products. We bring it all together.<\/p>\n<p><!--more--><\/p>\n<p>To ensure a effective worklfow and best quality we work with Black Magic Da Vinci Resolve, AVID, Lightroom and other professional applications. Have a look at our rental studio website: <strong><a href=\"http:\/\/www.sideshorestudio.com\" target=\"_blank\" rel=\"noopener\">www.sideshorestudio.com<\/a><\/strong><\/p>\n<p>Have a look at our work::<\/p>\n<div style=\"padding: 56.25% 0 0 0; position: relative;\"><iframe style=\"position: absolute; top: 0; left: 0; width: 100%; height: 100%;\" title=\"NEU DENKEN 2023\" src=\"https:\/\/player.vimeo.com\/video\/833963618?h=ec1323a7b5&amp;badge=0&amp;autopause=0&amp;player_id=0&amp;app_id=58479\" frameborder=\"0\"><\/iframe><\/div>\n<div><\/div>\n<p><script src=\"https:\/\/player.vimeo.com\/api\/player.js\"><\/script><\/p>\n<div style=\"padding: 56.25% 0 0 0; position: relative;\"><iframe loading=\"lazy\" style=\"position: absolute; top: 0; left: 0; width: 100%; height: 100%;\" title=\"CATCH-MATES AUF MALLORCA\" src=\"https:\/\/player.vimeo.com\/video\/753418982?h=8399d1ea2f&amp;badge=0&amp;autopause=0&amp;player_id=0&amp;app_id=58479\" width=\"425\" height=\"350\" frameborder=\"0\" allowfullscreen=\"allowfullscreen\"><\/iframe><\/div>\n<div><\/div>\n<p><script src=\"https:\/\/player.vimeo.com\/api\/player.js\"><\/script><\/p>\n<div style=\"padding: 56.25% 0 0 0; position: relative;\"><iframe style=\"position: absolute; top: 0; left: 0; width: 100%; height: 100%;\" title=\"Gemstonian Crystals\" src=\"https:\/\/player.vimeo.com\/video\/886349660?badge=0&amp;autopause=0&amp;player_id=0&amp;app_id=58479\" frameborder=\"0\"><\/iframe><\/div>\n<div><\/div>\n<p><script src=\"https:\/\/player.vimeo.com\/api\/player.js\"><\/script><\/p>\n<div style=\"padding: 56.25% 0 0 0; position: relative;\"><iframe style=\"position: absolute; top: 0; left: 0; width: 100%; height: 100%;\" title=\"Fincallorca Recap\" src=\"https:\/\/player.vimeo.com\/video\/878224973?h=7ff874f184&amp;badge=0&amp;autopause=0&amp;player_id=0&amp;app_id=58479\" frameborder=\"0\"><\/iframe><\/div>\n<div><\/div>\n<p><script src=\"https:\/\/player.vimeo.com\/api\/player.js\"><\/script><\/p>\n<div style=\"padding: 56.25% 0 0 0; position: relative;\"><iframe loading=\"lazy\" style=\"position: absolute; top: 0; left: 0; width: 100%; height: 100%;\" src=\"\/\/player.vimeo.com\/video\/288879814?title=0&amp;amp;byline=0\" width=\"425\" height=\"350\" frameborder=\"0\" allowfullscreen=\"allowfullscreen\"><\/iframe><\/div>\n<p>","protected":false},"excerpt":{"rendered":"<p>Sorry, this entry is only available in German.<\/p>\n","protected":false},"author":1,"featured_media":56,"parent":0,"menu_order":0,"comment_status":"closed","ping_status":"closed","template":"","meta":{"footnotes":""},"yoast_head":"<!-- This site is optimized with the Yoast SEO plugin v18.1 - https:\/\/yoast.com\/wordpress\/plugins\/seo\/ -->\n<title>Post Production &amp; Schnittplatz - Flycam Media Mallorca Post Production &amp; Schnittplatz - Flycam Media Mallorca Post Production &amp; Schnittplatz - Flycam Media Mallorca Post Production &amp; Schnittplatz - Flycam Media Mallorca<\/title>\n<meta name=\"description\" content=\"Flycam Media bietet Postproduktion f\u00fcr Film und Foto Produktionen auf Mallorca. In unserem Studio k\u00f6nnen wir u.a. Schnitt, Colorgrading realisieren.\" \/>\n<meta name=\"robots\" content=\"index, follow, max-snippet:-1, max-image-preview:large, max-video-preview:-1\" \/>\n<link rel=\"canonical\" href=\"https:\/\/flycam-media.com\/postproduktion_mallorca\" \/>\n<meta property=\"og:locale\" content=\"en_US\" \/>\n<meta property=\"og:type\" content=\"article\" \/>\n<meta property=\"og:title\" content=\"[:de][:de][:de]Post Production &amp; Schnittplatz - Flycam Media Mallorca [:en]Post Production &amp; Schnittplatz - Flycam Media Mallorca [:es]Post Production &amp; Schnittplatz - Flycam Media Mallorca [:][:en]Post Production &amp; Schnittplatz - Flycam Media Mallorca [:es]Post Production &amp; Schnittplatz - Flycam Media Mallorca [:][:en]Post Production &amp; Schnittplatz - Flycam Media Mallorca Post Production &amp; Schnittplatz - Flycam Media Mallorca[:es]Post Production &amp; Schnittplatz - Flycam Media Mallorca Post Production &amp; Schnittplatz - Flycam Media Mallorca [:]\" \/>\n<meta property=\"og:description\" content=\"{:de}Flycam Media bietet Postproduktion f\u00fcr Film und Foto Produktionen auf Mallorca. In unserem Studio k\u00f6nnen wir u.a. Schnitt, Colorgrading realisieren.{:en}Flycam Media bietet Postproduktion f\u00fcr Film und Foto Produktionen auf Mallorca. In unserem Studio k\u00f6nnen wir u.a. Schnitt, Colorgrading realisieren.{:es} En nuestro Post Production Studio coloreamos, ajustamos y recortamos hasta que todos est\u00e9n satisfechos. Video, Foto y VR360.{:}\" \/>\n<meta property=\"og:url\" content=\"https:\/\/flycam-media.com\/postproduktion_mallorca\" \/>\n<meta property=\"og:site_name\" content=\"Flycam Media Mallorca\" \/>\n<meta property=\"article:publisher\" content=\"https:\/\/de-de.facebook.com\/flycammediaservice\/\" \/>\n<meta property=\"article:modified_time\" content=\"2024-02-29T11:42:42+00:00\" \/>\n<meta property=\"og:image\" content=\"https:\/\/flycam-media.com\/wp-content\/uploads\/2018\/11\/Banner-2_Postproduktion-1.png\" \/>\n\t<meta property=\"og:image:width\" content=\"2000\" \/>\n\t<meta property=\"og:image:height\" content=\"1200\" \/>\n\t<meta property=\"og:image:type\" content=\"image\/png\" \/>\n<meta name=\"twitter:card\" content=\"summary_large_image\" \/>\n<meta name=\"twitter:label1\" content=\"Est. reading time\" \/>\n\t<meta name=\"twitter:data1\" content=\"2 minutes\" \/>\n<script type=\"application\/ld+json\" class=\"yoast-schema-graph\">{\"@context\":\"https:\/\/schema.org\",\"@graph\":[{\"@type\":\"Organization\",\"@id\":\"https:\/\/flycam-media.com\/#organization\",\"name\":\"Flycam Media Mallorca\",\"url\":\"https:\/\/flycam-media.com\/\",\"sameAs\":[\"https:\/\/de-de.facebook.com\/flycammediaservice\/\",\"https:\/\/www.instagram.com\/flycam_media_mallorca\/\"],\"logo\":{\"@type\":\"ImageObject\",\"@id\":\"https:\/\/flycam-media.com\/#logo\",\"inLanguage\":\"en-US\",\"url\":\"https:\/\/flycam-media.com\/wp-content\/uploads\/2018\/11\/fly_only.png\",\"contentUrl\":\"https:\/\/flycam-media.com\/wp-content\/uploads\/2018\/11\/fly_only.png\",\"width\":850,\"height\":850,\"caption\":\"Flycam Media Mallorca\"},\"image\":{\"@id\":\"https:\/\/flycam-media.com\/#logo\"}},{\"@type\":\"WebSite\",\"@id\":\"https:\/\/flycam-media.com\/#website\",\"url\":\"https:\/\/flycam-media.com\/\",\"name\":\"Flycam Media Film Production Mallorca\",\"description\":\"PHOTO, FILM AND AERIAL PRODUCTIONS\",\"publisher\":{\"@id\":\"https:\/\/flycam-media.com\/#organization\"},\"potentialAction\":[{\"@type\":\"SearchAction\",\"target\":{\"@type\":\"EntryPoint\",\"urlTemplate\":\"https:\/\/flycam-media.com\/?s={search_term_string}\"},\"query-input\":\"required name=search_term_string\"}],\"inLanguage\":\"en-US\"},{\"@type\":\"ImageObject\",\"@id\":\"https:\/\/flycam-media.com\/postproduktion_mallorca#primaryimage\",\"inLanguage\":\"en-US\",\"url\":\"https:\/\/flycam-media.com\/wp-content\/uploads\/2018\/11\/Banner-2_Postproduktion-1.png\",\"contentUrl\":\"https:\/\/flycam-media.com\/wp-content\/uploads\/2018\/11\/Banner-2_Postproduktion-1.png\",\"width\":2000,\"height\":1200,\"caption\":\"Flycam Media Postproduktion Schnitt Color Grading Da Vinci Resolve\"},{\"@type\":\"WebPage\",\"@id\":\"https:\/\/flycam-media.com\/postproduktion_mallorca#webpage\",\"url\":\"https:\/\/flycam-media.com\/postproduktion_mallorca\",\"name\":\"[:de][:de][:de]Post Production & Schnittplatz - Flycam Media Mallorca [:en]Post Production & Schnittplatz - Flycam Media Mallorca [:es]Post Production & Schnittplatz - Flycam Media Mallorca [:][:en]Post Production & Schnittplatz - Flycam Media Mallorca [:es]Post Production & Schnittplatz - Flycam Media Mallorca [:][:en]Post Production & Schnittplatz - Flycam Media Mallorca Post Production & Schnittplatz - Flycam Media Mallorca[:es]Post Production & Schnittplatz - Flycam Media Mallorca Post Production & Schnittplatz - Flycam Media Mallorca [:]\",\"isPartOf\":{\"@id\":\"https:\/\/flycam-media.com\/#website\"},\"primaryImageOfPage\":{\"@id\":\"https:\/\/flycam-media.com\/postproduktion_mallorca#primaryimage\"},\"datePublished\":\"2018-11-20T15:45:48+00:00\",\"dateModified\":\"2024-02-29T11:42:42+00:00\",\"description\":\"{:de}Flycam Media bietet Postproduktion f\u00fcr Film und Foto Produktionen auf Mallorca. In unserem Studio k\u00f6nnen wir u.a. Schnitt, Colorgrading realisieren.{:en}Flycam Media bietet Postproduktion f\u00fcr Film und Foto Produktionen auf Mallorca. In unserem Studio k\u00f6nnen wir u.a. Schnitt, Colorgrading realisieren.{:es} En nuestro Post Production Studio coloreamos, ajustamos y recortamos hasta que todos est\u00e9n satisfechos. Video, Foto y VR360.{:}\",\"breadcrumb\":{\"@id\":\"https:\/\/flycam-media.com\/postproduktion_mallorca#breadcrumb\"},\"inLanguage\":\"en-US\",\"potentialAction\":[{\"@type\":\"ReadAction\",\"target\":[\"https:\/\/flycam-media.com\/postproduktion_mallorca\"]}]},{\"@type\":\"BreadcrumbList\",\"@id\":\"https:\/\/flycam-media.com\/postproduktion_mallorca#breadcrumb\",\"itemListElement\":[{\"@type\":\"ListItem\",\"position\":1,\"name\":\"Startseite\",\"item\":\"https:\/\/flycam-media.com\/\"},{\"@type\":\"ListItem\",\"position\":2,\"name\":\"Postproduktion\"}]}]}<\/script>\n<!-- \/ Yoast SEO plugin. -->","yoast_head_json":{"title":"Post Production & Schnittplatz - Flycam Media Mallorca Post Production & Schnittplatz - Flycam Media Mallorca Post Production & Schnittplatz - Flycam Media Mallorca Post Production & Schnittplatz - Flycam Media Mallorca","description":"Flycam Media bietet Postproduktion f\u00fcr Film und Foto Produktionen auf Mallorca. In unserem Studio k\u00f6nnen wir u.a. Schnitt, Colorgrading realisieren.","robots":{"index":"index","follow":"follow","max-snippet":"max-snippet:-1","max-image-preview":"max-image-preview:large","max-video-preview":"max-video-preview:-1"},"canonical":"https:\/\/flycam-media.com\/postproduktion_mallorca","og_locale":"en_US","og_type":"article","og_title":"[:de][:de][:de]Post Production & Schnittplatz - Flycam Media Mallorca [:en]Post Production & Schnittplatz - Flycam Media Mallorca [:es]Post Production & Schnittplatz - Flycam Media Mallorca [:][:en]Post Production & Schnittplatz - Flycam Media Mallorca [:es]Post Production & Schnittplatz - Flycam Media Mallorca [:][:en]Post Production & Schnittplatz - Flycam Media Mallorca Post Production & Schnittplatz - Flycam Media Mallorca[:es]Post Production & Schnittplatz - Flycam Media Mallorca Post Production & Schnittplatz - Flycam Media Mallorca [:]","og_description":"{:de}Flycam Media bietet Postproduktion f\u00fcr Film und Foto Produktionen auf Mallorca. In unserem Studio k\u00f6nnen wir u.a. Schnitt, Colorgrading realisieren.{:en}Flycam Media bietet Postproduktion f\u00fcr Film und Foto Produktionen auf Mallorca. In unserem Studio k\u00f6nnen wir u.a. Schnitt, Colorgrading realisieren.{:es} En nuestro Post Production Studio coloreamos, ajustamos y recortamos hasta que todos est\u00e9n satisfechos. Video, Foto y VR360.{:}","og_url":"https:\/\/flycam-media.com\/postproduktion_mallorca","og_site_name":"Flycam Media Mallorca","article_publisher":"https:\/\/de-de.facebook.com\/flycammediaservice\/","article_modified_time":"2024-02-29T11:42:42+00:00","og_image":[{"width":2000,"height":1200,"url":"https:\/\/flycam-media.com\/wp-content\/uploads\/2018\/11\/Banner-2_Postproduktion-1.png","type":"image\/png"}],"twitter_card":"summary_large_image","twitter_misc":{"Est. reading time":"2 minutes"},"schema":{"@context":"https:\/\/schema.org","@graph":[{"@type":"Organization","@id":"https:\/\/flycam-media.com\/#organization","name":"Flycam Media Mallorca","url":"https:\/\/flycam-media.com\/","sameAs":["https:\/\/de-de.facebook.com\/flycammediaservice\/","https:\/\/www.instagram.com\/flycam_media_mallorca\/"],"logo":{"@type":"ImageObject","@id":"https:\/\/flycam-media.com\/#logo","inLanguage":"en-US","url":"https:\/\/flycam-media.com\/wp-content\/uploads\/2018\/11\/fly_only.png","contentUrl":"https:\/\/flycam-media.com\/wp-content\/uploads\/2018\/11\/fly_only.png","width":850,"height":850,"caption":"Flycam Media Mallorca"},"image":{"@id":"https:\/\/flycam-media.com\/#logo"}},{"@type":"WebSite","@id":"https:\/\/flycam-media.com\/#website","url":"https:\/\/flycam-media.com\/","name":"Flycam Media Film Production Mallorca","description":"PHOTO, FILM AND AERIAL PRODUCTIONS","publisher":{"@id":"https:\/\/flycam-media.com\/#organization"},"potentialAction":[{"@type":"SearchAction","target":{"@type":"EntryPoint","urlTemplate":"https:\/\/flycam-media.com\/?s={search_term_string}"},"query-input":"required name=search_term_string"}],"inLanguage":"en-US"},{"@type":"ImageObject","@id":"https:\/\/flycam-media.com\/postproduktion_mallorca#primaryimage","inLanguage":"en-US","url":"https:\/\/flycam-media.com\/wp-content\/uploads\/2018\/11\/Banner-2_Postproduktion-1.png","contentUrl":"https:\/\/flycam-media.com\/wp-content\/uploads\/2018\/11\/Banner-2_Postproduktion-1.png","width":2000,"height":1200,"caption":"Flycam Media Postproduktion Schnitt Color Grading Da Vinci Resolve"},{"@type":"WebPage","@id":"https:\/\/flycam-media.com\/postproduktion_mallorca#webpage","url":"https:\/\/flycam-media.com\/postproduktion_mallorca","name":"[:de][:de][:de]Post Production & Schnittplatz - Flycam Media Mallorca [:en]Post Production & Schnittplatz - Flycam Media Mallorca [:es]Post Production & Schnittplatz - Flycam Media Mallorca [:][:en]Post Production & Schnittplatz - Flycam Media Mallorca [:es]Post Production & Schnittplatz - Flycam Media Mallorca [:][:en]Post Production & Schnittplatz - Flycam Media Mallorca Post Production & Schnittplatz - Flycam Media Mallorca[:es]Post Production & Schnittplatz - Flycam Media Mallorca Post Production & Schnittplatz - Flycam Media Mallorca [:]","isPartOf":{"@id":"https:\/\/flycam-media.com\/#website"},"primaryImageOfPage":{"@id":"https:\/\/flycam-media.com\/postproduktion_mallorca#primaryimage"},"datePublished":"2018-11-20T15:45:48+00:00","dateModified":"2024-02-29T11:42:42+00:00","description":"{:de}Flycam Media bietet Postproduktion f\u00fcr Film und Foto Produktionen auf Mallorca. In unserem Studio k\u00f6nnen wir u.a. Schnitt, Colorgrading realisieren.{:en}Flycam Media bietet Postproduktion f\u00fcr Film und Foto Produktionen auf Mallorca. In unserem Studio k\u00f6nnen wir u.a. Schnitt, Colorgrading realisieren.{:es} En nuestro Post Production Studio coloreamos, ajustamos y recortamos hasta que todos est\u00e9n satisfechos. Video, Foto y VR360.{:}","breadcrumb":{"@id":"https:\/\/flycam-media.com\/postproduktion_mallorca#breadcrumb"},"inLanguage":"en-US","potentialAction":[{"@type":"ReadAction","target":["https:\/\/flycam-media.com\/postproduktion_mallorca"]}]},{"@type":"BreadcrumbList","@id":"https:\/\/flycam-media.com\/postproduktion_mallorca#breadcrumb","itemListElement":[{"@type":"ListItem","position":1,"name":"Startseite","item":"https:\/\/flycam-media.com\/"},{"@type":"ListItem","position":2,"name":"Postproduktion"}]}]}},"_links":{"self":[{"href":"https:\/\/flycam-media.com\/en\/wp-json\/wp\/v2\/pages\/12"}],"collection":[{"href":"https:\/\/flycam-media.com\/en\/wp-json\/wp\/v2\/pages"}],"about":[{"href":"https:\/\/flycam-media.com\/en\/wp-json\/wp\/v2\/types\/page"}],"author":[{"embeddable":true,"href":"https:\/\/flycam-media.com\/en\/wp-json\/wp\/v2\/users\/1"}],"replies":[{"embeddable":true,"href":"https:\/\/flycam-media.com\/en\/wp-json\/wp\/v2\/comments?post=12"}],"version-history":[{"count":49,"href":"https:\/\/flycam-media.com\/en\/wp-json\/wp\/v2\/pages\/12\/revisions"}],"predecessor-version":[{"id":619,"href":"https:\/\/flycam-media.com\/en\/wp-json\/wp\/v2\/pages\/12\/revisions\/619"}],"wp:featuredmedia":[{"embeddable":true,"href":"https:\/\/flycam-media.com\/en\/wp-json\/wp\/v2\/media\/56"}],"wp:attachment":[{"href":"https:\/\/flycam-media.com\/en\/wp-json\/wp\/v2\/media?parent=12"}],"curies":[{"name":"wp","href":"https:\/\/api.w.org\/{rel}","templated":true}]}}